{"id":258459,"date":"2022-08-31T11:07:39","date_gmt":"2022-08-31T09:07:39","guid":{"rendered":"https:\/\/bsmc.cultura.gov.it\/pour-le-150eme-de-lunite-de-litalie\/"},"modified":"2024-12-03T15:53:32","modified_gmt":"2024-12-03T14:53:32","slug":"pour-le-150eme-de-lunite-de-litalie","status":"publish","type":"page","link":"https:\/\/bsmc.cultura.gov.it\/fr\/pour-le-150eme-de-lunite-de-litalie\/","title":{"rendered":"POUR LE 150\u00c8ME DE L&rsquo;UNIT\u00c9 DE L&rsquo;ITALIE"},"content":{"rendered":"<p>[et_pb_section fb_built=\u00a0\u00bb1&Prime; admin_label=\u00a0\u00bbHero\u00a0\u00bb _builder_version=\u00a0\u00bb4.17.4&Prime; _module_preset=\u00a0\u00bbdefault\u00a0\u00bb background_color=\u00a0\u00bb#084666&Prime; use_background_color_gradient=\u00a0\u00bbon\u00a0\u00bb background_color_gradient_direction=\u00a0\u00bb170deg\u00a0\u00bb background_color_gradient_stops=\u00a0\u00bb#002e4f 1%|rgba(8,70,102,0.8) 100%\u00a0\u00bb background_color_gradient_overlays_image=\u00a0\u00bbon\u00a0\u00bb background_color_gradient_start=\u00a0\u00bb#002e4f\u00a0\u00bb background_color_gradient_start_position=\u00a0\u00bb1%\u00a0\u00bb background_color_gradient_end=\u00a0\u00bbrgba(8,70,102,0.8)\u00a0\u00bb background_image=\u00a0\u00bbhttp:\/\/bsmc.cultura.gov.it\/wp-content\/uploads\/2022\/06\/biblioteca.jpg\u00a0\u00bb custom_padding=\u00a0\u00bb|||\u00a0\u00bb global_colors_info=\u00a0\u00bb{}\u00a0\u00bb da_is_popup=\u00a0\u00bboff\u00a0\u00bb da_exit_intent=\u00a0\u00bboff\u00a0\u00bb da_has_close=\u00a0\u00bbon\u00a0\u00bb da_alt_close=\u00a0\u00bboff\u00a0\u00bb da_dark_close=\u00a0\u00bboff\u00a0\u00bb da_not_modal=\u00a0\u00bbon\u00a0\u00bb da_is_singular=\u00a0\u00bboff\u00a0\u00bb da_with_loader=\u00a0\u00bboff\u00a0\u00bb da_has_shadow=\u00a0\u00bbon\u00a0\u00bb da_disable_devices=\u00a0\u00bboff|off|off\u00a0\u00bb][et_pb_row _builder_version=\u00a0\u00bb4.16&Prime; _module_preset=\u00a0\u00bbdefault\u00a0\u00bb background_size=\u00a0\u00bbinitial\u00a0\u00bb background_position=\u00a0\u00bbtop_left\u00a0\u00bb background_repeat=\u00a0\u00bbrepeat\u00a0\u00bb custom_padding=\u00a0\u00bb27px|0px|27px|0px|false|false\u00a0\u00bb global_colors_info=\u00a0\u00bb{}\u00a0\u00bb][et_pb_column type=\u00a0\u00bb4_4&Prime; _builder_version=\u00a0\u00bb4.16&Prime; _module_preset=\u00a0\u00bbdefault\u00a0\u00bb custom_padding=\u00a0\u00bb|||\u00a0\u00bb global_colors_info=\u00a0\u00bb{}\u00a0\u00bb custom_padding__hover=\u00a0\u00bb|||\u00a0\u00bb][et_pb_text _builder_version=\u00a0\u00bb4.18.0&Prime; _module_preset=\u00a0\u00bbdefault\u00a0\u00bb text_font=\u00a0\u00bb||||||||\u00a0\u00bb text_font_size=\u00a0\u00bb20px\u00a0\u00bb text_line_height=\u00a0\u00bb1.8em\u00a0\u00bb header_font=\u00a0\u00bbOpen Sans|800|||||||\u00a0\u00bb header_font_size=\u00a0\u00bb60px\u00a0\u00bb header_line_height=\u00a0\u00bb1.3em\u00a0\u00bb background_size=\u00a0\u00bbinitial\u00a0\u00bb background_position=\u00a0\u00bbtop_left\u00a0\u00bb background_repeat=\u00a0\u00bbrepeat\u00a0\u00bb background_layout=\u00a0\u00bbdark\u00a0\u00bb custom_margin=\u00a0\u00bb|||\u00a0\u00bb custom_margin_tablet=\u00a0\u00bb|100px||\u00a0\u00bb custom_margin_phone=\u00a0\u00bb|30px||\u00a0\u00bb custom_margin_last_edited=\u00a0\u00bboff|desktop\u00a0\u00bb header_font_size_tablet=\u00a0\u00bb50px\u00a0\u00bb header_font_size_phone=\u00a0\u00bb40px\u00a0\u00bb header_font_size_last_edited=\u00a0\u00bbon|phone\u00a0\u00bb header_line_height_tablet=\u00a0\u00bb\u00a0\u00bb header_line_height_phone=\u00a0\u00bb\u00a0\u00bb header_line_height_last_edited=\u00a0\u00bbon|desktop\u00a0\u00bb global_colors_info=\u00a0\u00bb{}\u00a0\u00bb]<\/p>\n<h1>Pour le 150\u00e8me de l&rsquo;unit\u00e9 de l&rsquo;italie<\/h1>\n<p>[\/et_pb_text][\/et_pb_column][\/et_pb_row][\/et_pb_section][et_pb_section fb_built=\u00a0\u00bb1&Prime; custom_padding_last_edited=\u00a0\u00bboff|desktop\u00a0\u00bb admin_label=\u00a0\u00bbStatistics\u00a0\u00bb _builder_version=\u00a0\u00bb4.16&Prime; _module_preset=\u00a0\u00bbdefault\u00a0\u00bb background_color=\u00a0\u00bb#f6f8fa\u00a0\u00bb custom_padding=\u00a0\u00bb54px|0px|54px|0px|false|false\u00a0\u00bb custom_padding_phone=\u00a0\u00bb50px||50px|\u00a0\u00bb global_colors_info=\u00a0\u00bb{}\u00a0\u00bb da_is_popup=\u00a0\u00bboff\u00a0\u00bb da_exit_intent=\u00a0\u00bboff\u00a0\u00bb da_has_close=\u00a0\u00bbon\u00a0\u00bb da_alt_close=\u00a0\u00bboff\u00a0\u00bb da_dark_close=\u00a0\u00bboff\u00a0\u00bb da_not_modal=\u00a0\u00bbon\u00a0\u00bb da_is_singular=\u00a0\u00bboff\u00a0\u00bb da_with_loader=\u00a0\u00bboff\u00a0\u00bb da_has_shadow=\u00a0\u00bbon\u00a0\u00bb da_disable_devices=\u00a0\u00bboff|off|off\u00a0\u00bb][et_pb_row _builder_version=\u00a0\u00bb4.16&Prime; _module_preset=\u00a0\u00bbdefault\u00a0\u00bb custom_padding=\u00a0\u00bb27px|0px|0|0px|false|false\u00a0\u00bb global_colors_info=\u00a0\u00bb{}\u00a0\u00bb][et_pb_column type=\u00a0\u00bb4_4&Prime; _builder_version=\u00a0\u00bb4.16&Prime; _module_preset=\u00a0\u00bbdefault\u00a0\u00bb custom_padding=\u00a0\u00bb|||\u00a0\u00bb global_colors_info=\u00a0\u00bb{}\u00a0\u00bb custom_padding__hover=\u00a0\u00bb|||\u00a0\u00bb][et_pb_text _builder_version=\u00a0\u00bb4.18.0&Prime; _module_preset=\u00a0\u00bbdefault\u00a0\u00bb text_font=\u00a0\u00bb||||||||\u00a0\u00bb text_font_size=\u00a0\u00bb16px\u00a0\u00bb text_line_height=\u00a0\u00bb2em\u00a0\u00bb header_font=\u00a0\u00bb||||||||\u00a0\u00bb header_2_font=\u00a0\u00bbMontserrat|800|||||||\u00a0\u00bb header_2_font_size=\u00a0\u00bb30px\u00a0\u00bb header_2_line_height=\u00a0\u00bb1.5em\u00a0\u00bb header_3_font=\u00a0\u00bb||||||||\u00a0\u00bb header_4_font=\u00a0\u00bb||||||||\u00a0\u00bb max_width_tablet=\u00a0\u00bb700px\u00a0\u00bb max_width_phone=\u00a0\u00bb700px\u00a0\u00bb max_width_last_edited=\u00a0\u00bboff|desktop\u00a0\u00bb custom_margin=\u00a0\u00bb|||\u00a0\u00bb custom_margin_tablet=\u00a0\u00bb|0px||\u00a0\u00bb custom_margin_phone=\u00a0\u00bb|0px||\u00a0\u00bb custom_margin_last_edited=\u00a0\u00bboff|desktop\u00a0\u00bb custom_padding=\u00a0\u00bb20px|||\u00a0\u00bb header_2_font_size_tablet=\u00a0\u00bb30px\u00a0\u00bb header_2_font_size_phone=\u00a0\u00bb20px\u00a0\u00bb header_2_font_size_last_edited=\u00a0\u00bbon|phone\u00a0\u00bb border_color_all=\u00a0\u00bb#E02B20&Prime; border_width_top=\u00a0\u00bb2px\u00a0\u00bb locked=\u00a0\u00bboff\u00a0\u00bb global_colors_info=\u00a0\u00bb{}\u00a0\u00bb]<\/p>\n<h2>Pour le 150\u00e8me de l&rsquo;unit\u00e9 de l&rsquo;italie<\/h2>\n<p>&nbsp;<\/p>\n<p>[\/et_pb_text][\/et_pb_column][\/et_pb_row][et_pb_row column_structure=\u00a0\u00bb1_2,1_2&Prime; _builder_version=\u00a0\u00bb4.18.0&Prime; _module_preset=\u00a0\u00bbdefault\u00a0\u00bb global_colors_info=\u00a0\u00bb{}\u00a0\u00bb][et_pb_column type=\u00a0\u00bb1_2&Prime; _builder_version=\u00a0\u00bb4.18.0&Prime; _module_preset=\u00a0\u00bbdefault\u00a0\u00bb global_colors_info=\u00a0\u00bb{}\u00a0\u00bb][et_pb_text _builder_version=\u00a0\u00bb4.18.0&Prime; _module_preset=\u00a0\u00bbdefault\u00a0\u00bb global_colors_info=\u00a0\u00bb{}\u00a0\u00bb]<\/p>\n<p align=\"left\"><strong>S\u0153urs libres et g\u00e9n\u00e9reuses. \u00ab\u00a0La femme italienne\u00a0\u00bb, 1848, \u00e9dit\u00e9 par Rosanna De Longis et Paola Gioia,<\/strong> Rome, Biblink, 2011, 128 p., ill.<\/p>\n<p><i class=\"fa fa-download\" aria-hidden=\"true\"><\/i><strong><a href=\"http:\/\/bsmc.cultura.gov.it\/wp-content\/uploads\/pdf\/libere_generose_sorelle.pdf\" target=\"_blank\" rel=\"noopener\"> Frontespice, Index et essai introductif de Rosanna De Longis, \u00abFemmes, la patrie vous attend depuis longtemps\u00bb un journal romain pour les femmes italiennes<\/a><\/strong><\/p>\n<p><i class=\"fa fa-download\" aria-hidden=\"true\"><\/i><a href=\"http:\/\/bsmc.cultura.gov.it\/wp-content\/uploads\/pdf\/libere_generose.pdf\" target=\"_blank\" rel=\"noopener\"><b> Prefazione<\/b><\/a><\/p>\n<p align=\"left\">Primo esempio di stampa politica per le donne, \u00ab\u00a0La donna italiana\u00a0\u00bb fu pubblicato a Roma dall\u2019aprile al novembre 1848 in un momento determinante del processo risorgimentale, e individu\u00f2 nel pubblico femminile un interlocutore sensibile e appassionato, pronto a fornire un contributo attivo alla lotta per l\u2019indipendenza del paese.<\/p>\n<p>[\/et_pb_text][\/et_pb_column][et_pb_column type=\u00a0\u00bb1_2&Prime; _builder_version=\u00a0\u00bb4.18.0&Prime; _module_preset=\u00a0\u00bbdefault\u00a0\u00bb global_colors_info=\u00a0\u00bb{}\u00a0\u00bb][et_pb_image src=\u00a0\u00bbhttp:\/\/bsmc.cultura.gov.it\/wp-content\/uploads\/2022\/08\/libere_generose.jpg\u00a0\u00bb title_text=\u00a0\u00bblibere_generose\u00a0\u00bb _builder_version=\u00a0\u00bb4.18.0&Prime; _module_preset=\u00a0\u00bbdefault\u00a0\u00bb width=\u00a0\u00bb50%\u00a0\u00bb box_shadow_style=\u00a0\u00bbpreset3&Prime; global_colors_info=\u00a0\u00bb{}\u00a0\u00bb][\/et_pb_image][\/et_pb_column][\/et_pb_row][et_pb_row column_structure=\u00a0\u00bb1_2,1_2&Prime; _builder_version=\u00a0\u00bb4.18.0&Prime; _module_preset=\u00a0\u00bbdefault\u00a0\u00bb border_width_top=\u00a0\u00bb1px\u00a0\u00bb border_color_top=\u00a0\u00bb#E02B20&Prime; global_colors_info=\u00a0\u00bb{}\u00a0\u00bb][et_pb_column type=\u00a0\u00bb1_2&Prime; _builder_version=\u00a0\u00bb4.18.0&Prime; _module_preset=\u00a0\u00bbdefault\u00a0\u00bb global_colors_info=\u00a0\u00bb{}\u00a0\u00bb][et_pb_image src=\u00a0\u00bbhttp:\/\/bsmc.cultura.gov.it\/wp-content\/uploads\/2022\/08\/laboratorio.jpg\u00a0\u00bb title_text=\u00a0\u00bblaboratorio\u00a0\u00bb align=\u00a0\u00bbright\u00a0\u00bb _builder_version=\u00a0\u00bb4.18.0&Prime; _module_preset=\u00a0\u00bbdefault\u00a0\u00bb width=\u00a0\u00bb50%\u00a0\u00bb box_shadow_style=\u00a0\u00bbpreset3&Prime; global_colors_info=\u00a0\u00bb{}\u00a0\u00bb][\/et_pb_image][\/et_pb_column][et_pb_column type=\u00a0\u00bb1_2&Prime; _builder_version=\u00a0\u00bb4.18.0&Prime; _module_preset=\u00a0\u00bbdefault\u00a0\u00bb global_colors_info=\u00a0\u00bb{}\u00a0\u00bb][et_pb_text _builder_version=\u00a0\u00bb4.18.0&Prime; _module_preset=\u00a0\u00bbdefault\u00a0\u00bb global_colors_info=\u00a0\u00bb{}\u00a0\u00bb]<strong>Un laboratoire politique pour l&rsquo;Italie. La R\u00e9publique romaine de 1849, \u00e9dit\u00e9 par Lauro Rossi,<\/strong> Rome, Biblink, 2011, 206 p., ill.<\/p>\n<p><i class=\"fa fa-download\" aria-hidden=\"true\"><\/i><a href=\"http:\/\/bsmc.cultura.gov.it\/wp-content\/uploads\/pdf\/frontespiziolaboratoriopolitico.pdf\" target=\"_blank\" rel=\"noopener\"><b> Frontespizio<\/b><\/a> <a href=\"http:\/\/bsmc.cultura.gov.it\/wp-content\/uploads\/pdf\/indicelaboratoriopolitico.pdf\" target=\"_blank\" rel=\"noopener\"><b>Indice<\/b><\/a><br \/>\n<i class=\"fa fa-download\" aria-hidden=\"true\"><\/i><a href=\"http:\/\/bsmc.cultura.gov.it\/wp-content\/uploads\/pdf\/laboratorio_presentazione.pdf\" target=\"_blank\" rel=\"noopener\"><b> Presentazione<\/b><\/a><br \/>\n<i class=\"fa fa-download\" aria-hidden=\"true\"><\/i><a href=\"http:\/\/bsmc.cultura.gov.it\/wp-content\/uploads\/pdf\/presentazionelaboratoriopolitico.pdf\" target=\"_blank\" rel=\"noopener\"><b> Recensione su \u00ab\u00a0Accademie e Biblioteche\u00a0\u00bb<\/b><\/a><\/p>\n<p>I luoghi, gli eventi, i protagonisti, la memoria: ricco di saggi, documenti e immagini, questo volume ricostruisce quel vero e proprio laboratorio per l\u2019edificazione nazionale che fu la Repubblica romana del 1849.<\/p>\n<p>Una breve esperienza che lasciato un patrimonio straordinario, da conoscere e apprezzare per riscoprire quei valori senza i quali non fu possibile, all\u2019epoca, costruire la nazione e senza i quali appare difficile, oggi, una convivenza sociale e civile degna di questo nome.[\/et_pb_text][\/et_pb_column][\/et_pb_row][\/et_pb_section]<\/p>\n","protected":false},"excerpt":{"rendered":"<p>Pour le 150\u00e8me de l&rsquo;unit\u00e9 de l&rsquo;italiePour le 150\u00e8me de l&rsquo;unit\u00e9 de l&rsquo;italie &nbsp;S\u0153urs libres et g\u00e9n\u00e9reuses. \u00ab\u00a0La femme italienne\u00a0\u00bb, 1848, \u00e9dit\u00e9 par Rosanna De Longis et Paola Gioia, Rome, [&hellip;]<\/p>\n","protected":false},"author":2,"featured_media":0,"parent":0,"menu_order":0,"comment_status":"closed","ping_status":"closed","template":"","meta":{"_et_pb_use_builder":"on","_et_pb_old_content":"","_et_gb_content_width":"","footnotes":""},"class_list":["post-258459","page","type-page","status-publish","hentry"],"yoast_head":"<!-- This site is optimized with the Yoast SEO plugin v27.4 - https:\/\/yoast.com\/product\/yoast-seo-wordpress\/ -->\n<title>POUR LE 150\u00c8ME DE L&#039;UNIT\u00c9 DE L&#039;ITALIE - Biblioteca di Storia Moderna e Contemporanea<\/title>\n<meta name=\"robots\" content=\"index, follow, max-snippet:-1, max-image-preview:large, max-video-preview:-1\" \/>\n<link rel=\"canonical\" href=\"https:\/\/bsmc.cultura.gov.it\/fr\/pour-le-150eme-de-lunite-de-litalie\/\" \/>\n<meta property=\"og:locale\" content=\"fr_FR\" \/>\n<meta property=\"og:type\" content=\"article\" \/>\n<meta property=\"og:title\" content=\"POUR LE 150\u00c8ME DE L&#039;UNIT\u00c9 DE L&#039;ITALIE - Biblioteca di Storia Moderna e Contemporanea\" \/>\n<meta property=\"og:description\" content=\"Pour le 150\u00e8me de l&#039;unit\u00e9 de l&#039;italiePour le 150\u00e8me de l&#039;unit\u00e9 de l&#039;italie &nbsp;S\u0153urs libres et g\u00e9n\u00e9reuses. &quot;La femme italienne&quot;, 1848, \u00e9dit\u00e9 par Rosanna De Longis et Paola Gioia, Rome, [&hellip;]\" \/>\n<meta property=\"og:url\" content=\"https:\/\/bsmc.cultura.gov.it\/fr\/pour-le-150eme-de-lunite-de-litalie\/\" \/>\n<meta property=\"og:site_name\" content=\"Biblioteca di Storia Moderna e Contemporanea\" \/>\n<meta property=\"article:modified_time\" content=\"2024-12-03T14:53:32+00:00\" \/>\n<meta name=\"twitter:card\" content=\"summary_large_image\" \/>\n<meta name=\"twitter:label1\" content=\"Dur\u00e9e de lecture estim\u00e9e\" \/>\n\t<meta name=\"twitter:data1\" content=\"5 minutes\" \/>\n<script type=\"application\/ld+json\" class=\"yoast-schema-graph\">{\"@context\":\"https:\\\/\\\/schema.org\",\"@graph\":[{\"@type\":\"WebPage\",\"@id\":\"https:\\\/\\\/bsmc.cultura.gov.it\\\/fr\\\/pour-le-150eme-de-lunite-de-litalie\\\/\",\"url\":\"https:\\\/\\\/bsmc.cultura.gov.it\\\/fr\\\/pour-le-150eme-de-lunite-de-litalie\\\/\",\"name\":\"POUR LE 150\u00c8ME DE L'UNIT\u00c9 DE L'ITALIE - Biblioteca di Storia Moderna e Contemporanea\",\"isPartOf\":{\"@id\":\"https:\\\/\\\/bsmc.cultura.gov.it\\\/fr\\\/#website\"},\"datePublished\":\"2022-08-31T09:07:39+00:00\",\"dateModified\":\"2024-12-03T14:53:32+00:00\",\"breadcrumb\":{\"@id\":\"https:\\\/\\\/bsmc.cultura.gov.it\\\/fr\\\/pour-le-150eme-de-lunite-de-litalie\\\/#breadcrumb\"},\"inLanguage\":\"fr-FR\",\"potentialAction\":[{\"@type\":\"ReadAction\",\"target\":[\"https:\\\/\\\/bsmc.cultura.gov.it\\\/fr\\\/pour-le-150eme-de-lunite-de-litalie\\\/\"]}]},{\"@type\":\"BreadcrumbList\",\"@id\":\"https:\\\/\\\/bsmc.cultura.gov.it\\\/fr\\\/pour-le-150eme-de-lunite-de-litalie\\\/#breadcrumb\",\"itemListElement\":[{\"@type\":\"ListItem\",\"position\":1,\"name\":\"Home\",\"item\":\"https:\\\/\\\/bsmc.cultura.gov.it\\\/fr\\\/\"},{\"@type\":\"ListItem\",\"position\":2,\"name\":\"POUR LE 150\u00c8ME DE L&#8217;UNIT\u00c9 DE L&#8217;ITALIE\"}]},{\"@type\":\"WebSite\",\"@id\":\"https:\\\/\\\/bsmc.cultura.gov.it\\\/fr\\\/#website\",\"url\":\"https:\\\/\\\/bsmc.cultura.gov.it\\\/fr\\\/\",\"name\":\"Biblioteca di Storia Moderna e Contemporanea\",\"description\":\"DGBID\",\"potentialAction\":[{\"@type\":\"SearchAction\",\"target\":{\"@type\":\"EntryPoint\",\"urlTemplate\":\"https:\\\/\\\/bsmc.cultura.gov.it\\\/fr\\\/?s={search_term_string}\"},\"query-input\":{\"@type\":\"PropertyValueSpecification\",\"valueRequired\":true,\"valueName\":\"search_term_string\"}}],\"inLanguage\":\"fr-FR\"}]}<\/script>\n<!-- \/ Yoast SEO plugin. -->","yoast_head_json":{"title":"POUR LE 150\u00c8ME DE L'UNIT\u00c9 DE L'ITALIE - Biblioteca di Storia Moderna e Contemporanea","robots":{"index":"index","follow":"follow","max-snippet":"max-snippet:-1","max-image-preview":"max-image-preview:large","max-video-preview":"max-video-preview:-1"},"canonical":"https:\/\/bsmc.cultura.gov.it\/fr\/pour-le-150eme-de-lunite-de-litalie\/","og_locale":"fr_FR","og_type":"article","og_title":"POUR LE 150\u00c8ME DE L'UNIT\u00c9 DE L'ITALIE - Biblioteca di Storia Moderna e Contemporanea","og_description":"Pour le 150\u00e8me de l'unit\u00e9 de l'italiePour le 150\u00e8me de l'unit\u00e9 de l'italie &nbsp;S\u0153urs libres et g\u00e9n\u00e9reuses. \"La femme italienne\", 1848, \u00e9dit\u00e9 par Rosanna De Longis et Paola Gioia, Rome, [&hellip;]","og_url":"https:\/\/bsmc.cultura.gov.it\/fr\/pour-le-150eme-de-lunite-de-litalie\/","og_site_name":"Biblioteca di Storia Moderna e Contemporanea","article_modified_time":"2024-12-03T14:53:32+00:00","twitter_card":"summary_large_image","twitter_misc":{"Dur\u00e9e de lecture estim\u00e9e":"5 minutes"},"schema":{"@context":"https:\/\/schema.org","@graph":[{"@type":"WebPage","@id":"https:\/\/bsmc.cultura.gov.it\/fr\/pour-le-150eme-de-lunite-de-litalie\/","url":"https:\/\/bsmc.cultura.gov.it\/fr\/pour-le-150eme-de-lunite-de-litalie\/","name":"POUR LE 150\u00c8ME DE L'UNIT\u00c9 DE L'ITALIE - Biblioteca di Storia Moderna e Contemporanea","isPartOf":{"@id":"https:\/\/bsmc.cultura.gov.it\/fr\/#website"},"datePublished":"2022-08-31T09:07:39+00:00","dateModified":"2024-12-03T14:53:32+00:00","breadcrumb":{"@id":"https:\/\/bsmc.cultura.gov.it\/fr\/pour-le-150eme-de-lunite-de-litalie\/#breadcrumb"},"inLanguage":"fr-FR","potentialAction":[{"@type":"ReadAction","target":["https:\/\/bsmc.cultura.gov.it\/fr\/pour-le-150eme-de-lunite-de-litalie\/"]}]},{"@type":"BreadcrumbList","@id":"https:\/\/bsmc.cultura.gov.it\/fr\/pour-le-150eme-de-lunite-de-litalie\/#breadcrumb","itemListElement":[{"@type":"ListItem","position":1,"name":"Home","item":"https:\/\/bsmc.cultura.gov.it\/fr\/"},{"@type":"ListItem","position":2,"name":"POUR LE 150\u00c8ME DE L&#8217;UNIT\u00c9 DE L&#8217;ITALIE"}]},{"@type":"WebSite","@id":"https:\/\/bsmc.cultura.gov.it\/fr\/#website","url":"https:\/\/bsmc.cultura.gov.it\/fr\/","name":"Biblioteca di Storia Moderna e Contemporanea","description":"DGBID","potentialAction":[{"@type":"SearchAction","target":{"@type":"EntryPoint","urlTemplate":"https:\/\/bsmc.cultura.gov.it\/fr\/?s={search_term_string}"},"query-input":{"@type":"PropertyValueSpecification","valueRequired":true,"valueName":"search_term_string"}}],"inLanguage":"fr-FR"}]}},"_links":{"self":[{"href":"https:\/\/bsmc.cultura.gov.it\/fr\/wp-json\/wp\/v2\/pages\/258459","targetHints":{"allow":["GET"]}}],"collection":[{"href":"https:\/\/bsmc.cultura.gov.it\/fr\/wp-json\/wp\/v2\/pages"}],"about":[{"href":"https:\/\/bsmc.cultura.gov.it\/fr\/wp-json\/wp\/v2\/types\/page"}],"author":[{"embeddable":true,"href":"https:\/\/bsmc.cultura.gov.it\/fr\/wp-json\/wp\/v2\/users\/2"}],"replies":[{"embeddable":true,"href":"https:\/\/bsmc.cultura.gov.it\/fr\/wp-json\/wp\/v2\/comments?post=258459"}],"version-history":[{"count":3,"href":"https:\/\/bsmc.cultura.gov.it\/fr\/wp-json\/wp\/v2\/pages\/258459\/revisions"}],"predecessor-version":[{"id":258568,"href":"https:\/\/bsmc.cultura.gov.it\/fr\/wp-json\/wp\/v2\/pages\/258459\/revisions\/258568"}],"wp:attachment":[{"href":"https:\/\/bsmc.cultura.gov.it\/fr\/wp-json\/wp\/v2\/media?parent=258459"}],"curies":[{"name":"wp","href":"https:\/\/api.w.org\/{rel}","templated":true}]}}