{"id":258446,"date":"2022-06-27T07:41:13","date_gmt":"2022-06-27T05:41:13","guid":{"rendered":"https:\/\/bsmc.cultura.gov.it\/patrimoine-du-livre\/"},"modified":"2024-12-03T15:49:17","modified_gmt":"2024-12-03T14:49:17","slug":"patrimoine-du-livre","status":"publish","type":"page","link":"https:\/\/bsmc.cultura.gov.it\/fr\/patrimoine-du-livre\/","title":{"rendered":"PATRIMOINE DU LIVRE"},"content":{"rendered":"<p>[et_pb_section fb_built=\u00a0\u00bb1&Prime; admin_label=\u00a0\u00bbHero\u00a0\u00bb _builder_version=\u00a0\u00bb4.17.4&Prime; _module_preset=\u00a0\u00bbdefault\u00a0\u00bb background_color=\u00a0\u00bb#084666&Prime; use_background_color_gradient=\u00a0\u00bbon\u00a0\u00bb background_color_gradient_direction=\u00a0\u00bb170deg\u00a0\u00bb background_color_gradient_stops=\u00a0\u00bb#002e4f 1%|rgba(8,70,102,0.8) 100%\u00a0\u00bb background_color_gradient_overlays_image=\u00a0\u00bbon\u00a0\u00bb background_color_gradient_start=\u00a0\u00bb#002e4f\u00a0\u00bb background_color_gradient_start_position=\u00a0\u00bb1%\u00a0\u00bb background_color_gradient_end=\u00a0\u00bbrgba(8,70,102,0.8)\u00a0\u00bb background_image=\u00a0\u00bbhttp:\/\/bsmc.cultura.gov.it\/wp-content\/uploads\/2022\/06\/biblioteca.jpg\u00a0\u00bb custom_padding=\u00a0\u00bb|||\u00a0\u00bb da_disable_devices=\u00a0\u00bboff|off|off\u00a0\u00bb global_colors_info=\u00a0\u00bb{}\u00a0\u00bb da_is_popup=\u00a0\u00bboff\u00a0\u00bb da_exit_intent=\u00a0\u00bboff\u00a0\u00bb da_has_close=\u00a0\u00bbon\u00a0\u00bb da_alt_close=\u00a0\u00bboff\u00a0\u00bb da_dark_close=\u00a0\u00bboff\u00a0\u00bb da_not_modal=\u00a0\u00bbon\u00a0\u00bb da_is_singular=\u00a0\u00bboff\u00a0\u00bb da_with_loader=\u00a0\u00bboff\u00a0\u00bb da_has_shadow=\u00a0\u00bbon\u00a0\u00bb][et_pb_row _builder_version=\u00a0\u00bb4.16&Prime; _module_preset=\u00a0\u00bbdefault\u00a0\u00bb background_size=\u00a0\u00bbinitial\u00a0\u00bb background_position=\u00a0\u00bbtop_left\u00a0\u00bb background_repeat=\u00a0\u00bbrepeat\u00a0\u00bb custom_padding=\u00a0\u00bb27px|0px|27px|0px|false|false\u00a0\u00bb global_colors_info=\u00a0\u00bb{}\u00a0\u00bb][et_pb_column type=\u00a0\u00bb4_4&Prime; _builder_version=\u00a0\u00bb4.16&Prime; _module_preset=\u00a0\u00bbdefault\u00a0\u00bb custom_padding=\u00a0\u00bb|||\u00a0\u00bb global_colors_info=\u00a0\u00bb{}\u00a0\u00bb custom_padding__hover=\u00a0\u00bb|||\u00a0\u00bb][et_pb_text _builder_version=\u00a0\u00bb4.17.4&Prime; _module_preset=\u00a0\u00bbdefault\u00a0\u00bb text_font=\u00a0\u00bb||||||||\u00a0\u00bb text_font_size=\u00a0\u00bb20px\u00a0\u00bb text_line_height=\u00a0\u00bb1.8em\u00a0\u00bb header_font=\u00a0\u00bbOpen Sans|800|||||||\u00a0\u00bb header_font_size=\u00a0\u00bb60px\u00a0\u00bb header_line_height=\u00a0\u00bb1.3em\u00a0\u00bb background_size=\u00a0\u00bbinitial\u00a0\u00bb background_position=\u00a0\u00bbtop_left\u00a0\u00bb background_repeat=\u00a0\u00bbrepeat\u00a0\u00bb background_layout=\u00a0\u00bbdark\u00a0\u00bb max_width=\u00a0\u00bb600px\u00a0\u00bb custom_margin=\u00a0\u00bb|||\u00a0\u00bb custom_margin_tablet=\u00a0\u00bb|100px||\u00a0\u00bb custom_margin_phone=\u00a0\u00bb|30px||\u00a0\u00bb custom_margin_last_edited=\u00a0\u00bboff|desktop\u00a0\u00bb header_font_size_tablet=\u00a0\u00bb50px\u00a0\u00bb header_font_size_phone=\u00a0\u00bb40px\u00a0\u00bb header_font_size_last_edited=\u00a0\u00bbon|phone\u00a0\u00bb header_line_height_tablet=\u00a0\u00bb\u00a0\u00bb header_line_height_phone=\u00a0\u00bb\u00a0\u00bb header_line_height_last_edited=\u00a0\u00bbon|desktop\u00a0\u00bb global_colors_info=\u00a0\u00bb{}\u00a0\u00bb]<\/p>\n<h1>Patrimoine du livre<\/h1>\n<p><b>Manuscrits, ouvrages et estampes, p\u00e9riodiques, photos, microfilms<\/b>.<\/p>\n<p>[\/et_pb_text][\/et_pb_column][\/et_pb_row][et_pb_row column_structure=\u00a0\u00bb1_3,1_3,1_3&Prime; use_custom_gutter=\u00a0\u00bbon\u00a0\u00bb gutter_width=\u00a0\u00bb2&Prime; _builder_version=\u00a0\u00bb4.16&Prime; _module_preset=\u00a0\u00bbdefault\u00a0\u00bb locked=\u00a0\u00bboff\u00a0\u00bb global_colors_info=\u00a0\u00bb{}\u00a0\u00bb][et_pb_column type=\u00a0\u00bb1_3&Prime; _builder_version=\u00a0\u00bb4.16&Prime; _module_preset=\u00a0\u00bbdefault\u00a0\u00bb custom_padding=\u00a0\u00bb|||\u00a0\u00bb global_colors_info=\u00a0\u00bb{}\u00a0\u00bb custom_padding__hover=\u00a0\u00bb|||\u00a0\u00bb][et_pb_text _builder_version=\u00a0\u00bb4.17.4&Prime; _module_preset=\u00a0\u00bbdefault\u00a0\u00bb text_font=\u00a0\u00bb||||||||\u00a0\u00bb text_font_size=\u00a0\u00bb16px\u00a0\u00bb text_line_height=\u00a0\u00bb2em\u00a0\u00bb header_font=\u00a0\u00bb||||||||\u00a0\u00bb header_3_font=\u00a0\u00bbOpen Sans|700|||||||\u00a0\u00bb header_3_line_height=\u00a0\u00bb1.6em\u00a0\u00bb background_color=\u00a0\u00bb#4e7c97&Prime; background_layout=\u00a0\u00bbdark\u00a0\u00bb custom_margin=\u00a0\u00bb|||\u00a0\u00bb custom_padding=\u00a0\u00bb30px|30px|30px|30px|true|true\u00a0\u00bb animation_style=\u00a0\u00bbfold\u00a0\u00bb animation_direction=\u00a0\u00bbtop\u00a0\u00bb global_colors_info=\u00a0\u00bb{}\u00a0\u00bb]<\/p>\n<h3>Manuscrits<\/h3>\n<p>40 000 documents<\/p>\n<p>[\/et_pb_text][\/et_pb_column][et_pb_column type=\u00a0\u00bb1_3&Prime; _builder_version=\u00a0\u00bb4.16&Prime; _module_preset=\u00a0\u00bbdefault\u00a0\u00bb custom_padding=\u00a0\u00bb|||\u00a0\u00bb global_colors_info=\u00a0\u00bb{}\u00a0\u00bb custom_padding__hover=\u00a0\u00bb|||\u00a0\u00bb][et_pb_text _builder_version=\u00a0\u00bb4.17.4&Prime; _module_preset=\u00a0\u00bbdefault\u00a0\u00bb text_font=\u00a0\u00bb||||||||\u00a0\u00bb text_font_size=\u00a0\u00bb16px\u00a0\u00bb text_line_height=\u00a0\u00bb2em\u00a0\u00bb header_font=\u00a0\u00bb||||||||\u00a0\u00bb header_3_font=\u00a0\u00bbOpen Sans|700|||||||\u00a0\u00bb header_3_line_height=\u00a0\u00bb1.6em\u00a0\u00bb background_color=\u00a0\u00bb#a2b0c1&Prime; background_layout=\u00a0\u00bbdark\u00a0\u00bb custom_margin=\u00a0\u00bb|||\u00a0\u00bb custom_padding=\u00a0\u00bb30px|30px|30px|30px|true|true\u00a0\u00bb animation_style=\u00a0\u00bbfold\u00a0\u00bb animation_direction=\u00a0\u00bbtop\u00a0\u00bb animation_delay=\u00a0\u00bb200ms\u00a0\u00bb global_colors_info=\u00a0\u00bb{}\u00a0\u00bb]<\/p>\n<h3>Travaux et presse<\/h3>\n<p>650 000 travaux<\/p>\n<p>[\/et_pb_text][\/et_pb_column][et_pb_column type=\u00a0\u00bb1_3&Prime; _builder_version=\u00a0\u00bb4.16&Prime; _module_preset=\u00a0\u00bbdefault\u00a0\u00bb custom_padding=\u00a0\u00bb|||\u00a0\u00bb global_colors_info=\u00a0\u00bb{}\u00a0\u00bb custom_padding__hover=\u00a0\u00bb|||\u00a0\u00bb][et_pb_text _builder_version=\u00a0\u00bb4.17.4&Prime; _module_preset=\u00a0\u00bbdefault\u00a0\u00bb text_font=\u00a0\u00bb||||||||\u00a0\u00bb text_font_size=\u00a0\u00bb16px\u00a0\u00bb text_line_height=\u00a0\u00bb2em\u00a0\u00bb header_font=\u00a0\u00bb||||||||\u00a0\u00bb header_3_font=\u00a0\u00bbOpen Sans|700|||||||\u00a0\u00bb header_3_line_height=\u00a0\u00bb1.6em\u00a0\u00bb background_color=\u00a0\u00bb#ffffff\u00a0\u00bb custom_margin=\u00a0\u00bb|||\u00a0\u00bb custom_padding=\u00a0\u00bb30px|30px|30px|30px|true|true\u00a0\u00bb animation_style=\u00a0\u00bbfold\u00a0\u00bb animation_direction=\u00a0\u00bbtop\u00a0\u00bb animation_delay=\u00a0\u00bb400ms\u00a0\u00bb global_colors_info=\u00a0\u00bb{}\u00a0\u00bb]<\/p>\n<h3>P\u00e9riodiques<\/h3>\n<p>12 000 ogives<\/p>\n<p>[\/et_pb_text][\/et_pb_column][\/et_pb_row][\/et_pb_section][et_pb_section fb_built=\u00a0\u00bb1&Prime; custom_padding_last_edited=\u00a0\u00bboff|desktop\u00a0\u00bb admin_label=\u00a0\u00bbStatistics\u00a0\u00bb _builder_version=\u00a0\u00bb4.16&Prime; _module_preset=\u00a0\u00bbdefault\u00a0\u00bb background_color=\u00a0\u00bb#f6f8fa\u00a0\u00bb custom_padding=\u00a0\u00bb54px|0px|54px|0px|false|false\u00a0\u00bb custom_padding_phone=\u00a0\u00bb50px||50px|\u00a0\u00bb da_disable_devices=\u00a0\u00bboff|off|off\u00a0\u00bb global_colors_info=\u00a0\u00bb{}\u00a0\u00bb da_is_popup=\u00a0\u00bboff\u00a0\u00bb da_exit_intent=\u00a0\u00bboff\u00a0\u00bb da_has_close=\u00a0\u00bbon\u00a0\u00bb da_alt_close=\u00a0\u00bboff\u00a0\u00bb da_dark_close=\u00a0\u00bboff\u00a0\u00bb da_not_modal=\u00a0\u00bbon\u00a0\u00bb da_is_singular=\u00a0\u00bboff\u00a0\u00bb da_with_loader=\u00a0\u00bboff\u00a0\u00bb da_has_shadow=\u00a0\u00bbon\u00a0\u00bb][et_pb_row _builder_version=\u00a0\u00bb4.16&Prime; _module_preset=\u00a0\u00bbdefault\u00a0\u00bb custom_padding=\u00a0\u00bb27px|0px|0|0px|false|false\u00a0\u00bb global_colors_info=\u00a0\u00bb{}\u00a0\u00bb][et_pb_column type=\u00a0\u00bb4_4&Prime; _builder_version=\u00a0\u00bb4.16&Prime; _module_preset=\u00a0\u00bbdefault\u00a0\u00bb custom_padding=\u00a0\u00bb|||\u00a0\u00bb global_colors_info=\u00a0\u00bb{}\u00a0\u00bb custom_padding__hover=\u00a0\u00bb|||\u00a0\u00bb][et_pb_text _builder_version=\u00a0\u00bb4.17.4&Prime; _module_preset=\u00a0\u00bbdefault\u00a0\u00bb text_font=\u00a0\u00bb||||||||\u00a0\u00bb text_font_size=\u00a0\u00bb16px\u00a0\u00bb text_line_height=\u00a0\u00bb2em\u00a0\u00bb header_font=\u00a0\u00bb||||||||\u00a0\u00bb header_2_font=\u00a0\u00bbMontserrat|800|||||||\u00a0\u00bb header_2_font_size=\u00a0\u00bb30px\u00a0\u00bb header_2_line_height=\u00a0\u00bb1.5em\u00a0\u00bb header_3_font=\u00a0\u00bb||||||||\u00a0\u00bb header_4_font=\u00a0\u00bb||||||||\u00a0\u00bb max_width_tablet=\u00a0\u00bb700px\u00a0\u00bb max_width_phone=\u00a0\u00bb700px\u00a0\u00bb max_width_last_edited=\u00a0\u00bboff|desktop\u00a0\u00bb custom_margin=\u00a0\u00bb|||\u00a0\u00bb custom_margin_tablet=\u00a0\u00bb|0px||\u00a0\u00bb custom_margin_phone=\u00a0\u00bb|0px||\u00a0\u00bb custom_margin_last_edited=\u00a0\u00bboff|desktop\u00a0\u00bb custom_padding=\u00a0\u00bb20px|||\u00a0\u00bb header_2_font_size_tablet=\u00a0\u00bb30px\u00a0\u00bb header_2_font_size_phone=\u00a0\u00bb20px\u00a0\u00bb header_2_font_size_last_edited=\u00a0\u00bbon|phone\u00a0\u00bb border_color_all=\u00a0\u00bb#E02B20&Prime; border_width_top=\u00a0\u00bb2px\u00a0\u00bb locked=\u00a0\u00bboff\u00a0\u00bb global_colors_info=\u00a0\u00bb{}\u00a0\u00bb]<\/p>\n<h2>Manuscrits<\/h2>\n<p>[\/et_pb_text][\/et_pb_column][\/et_pb_row][et_pb_row _builder_version=\u00a0\u00bb4.16&Prime; _module_preset=\u00a0\u00bbdefault\u00a0\u00bb custom_padding=\u00a0\u00bb0|0px|27px|0px|false|false\u00a0\u00bb global_colors_info=\u00a0\u00bb{}\u00a0\u00bb][et_pb_column type=\u00a0\u00bb4_4&Prime; _builder_version=\u00a0\u00bb4.16&Prime; _module_preset=\u00a0\u00bbdefault\u00a0\u00bb custom_padding=\u00a0\u00bb|||\u00a0\u00bb global_colors_info=\u00a0\u00bb{}\u00a0\u00bb custom_padding__hover=\u00a0\u00bb|||\u00a0\u00bb][et_pb_text _builder_version=\u00a0\u00bb4.17.4&Prime; _module_preset=\u00a0\u00bbdefault\u00a0\u00bb text_font=\u00a0\u00bb||||||||\u00a0\u00bb text_font_size=\u00a0\u00bb16px\u00a0\u00bb text_line_height=\u00a0\u00bb2em\u00a0\u00bb header_font=\u00a0\u00bb||||||||\u00a0\u00bb header_2_font=\u00a0\u00bbMontserrat|800|||||||\u00a0\u00bb header_2_font_size=\u00a0\u00bb30px\u00a0\u00bb header_2_line_height=\u00a0\u00bb1.5em\u00a0\u00bb header_3_font=\u00a0\u00bb||||||||\u00a0\u00bb header_4_font=\u00a0\u00bb||||||||\u00a0\u00bb max_width_tablet=\u00a0\u00bb700px\u00a0\u00bb max_width_phone=\u00a0\u00bb700px\u00a0\u00bb max_width_last_edited=\u00a0\u00bboff|desktop\u00a0\u00bb custom_margin=\u00a0\u00bb|||\u00a0\u00bb custom_margin_tablet=\u00a0\u00bb|0px||\u00a0\u00bb custom_margin_phone=\u00a0\u00bb|0px||\u00a0\u00bb custom_margin_last_edited=\u00a0\u00bboff|desktop\u00a0\u00bb custom_padding=\u00a0\u00bb20px|||\u00a0\u00bb header_2_font_size_tablet=\u00a0\u00bb30px\u00a0\u00bb header_2_font_size_phone=\u00a0\u00bb20px\u00a0\u00bb header_2_font_size_last_edited=\u00a0\u00bbon|phone\u00a0\u00bb locked=\u00a0\u00bboff\u00a0\u00bb global_colors_info=\u00a0\u00bb{}\u00a0\u00bb]<\/p>\n<p><a href=\"http:\/\/bsmc.cultura.gov.it\/wp-content\/uploads\/2024\/10\/BSMC_manoscritti_.pdf\">Environ 40 000 pi\u00e8ces<\/a>. Parmi les collections les plus importantes figurent celles relatives \u00e0 Mazzini (environ 9 000 autographes, principalement des lettres de et \u00e0 Giuseppe Mazzini ; la collection E. Nathan relative aux autographes appartenant \u00e0 Jessie White Mario), Foscolo (autographes, lettres, manuscrits) est particuli\u00e8rement pr\u00e9cieuse. et documents des collections Chiarini et Bianchini ; premi\u00e8res \u00e9ditions imprim\u00e9es des \u0153uvres de Foscoli, estampes et photographies du po\u00e8te) et Guerrazzi (achet\u00e9es en 1932 par le savant Pietro Miniati ; comprend des autographes de certains \u00e9crits de Francesco Domenico Guerrazzi, 215 lettres autographes publi\u00e9es et in\u00e9dites et diverses notes, ainsi qu&rsquo;environ 4000 \u00e9ditions de ses travaux).<\/p>\n<p>On note \u00e9galement des lettres autographes de Crispi, Cavour, Garibaldi, Pisacane et d&rsquo;autres protagonistes de l&rsquo;histoire italienne du XIXe si\u00e8cle. XIX et XX, papiers de personnalit\u00e9s politiques de l&rsquo;\u00e9poque lib\u00e9rale et de la p\u00e9riode fasciste, ainsi que quelques journaux de guerre de 1915-1918.<\/p>\n<p>[\/et_pb_text][et_pb_text _builder_version=\u00a0\u00bb4.17.4&Prime; _module_preset=\u00a0\u00bbdefault\u00a0\u00bb text_font=\u00a0\u00bb||||||||\u00a0\u00bb text_font_size=\u00a0\u00bb16px\u00a0\u00bb text_line_height=\u00a0\u00bb2em\u00a0\u00bb header_font=\u00a0\u00bb||||||||\u00a0\u00bb header_2_font=\u00a0\u00bbMontserrat|800|||||||\u00a0\u00bb header_2_font_size=\u00a0\u00bb30px\u00a0\u00bb header_2_line_height=\u00a0\u00bb1.5em\u00a0\u00bb header_3_font=\u00a0\u00bb||||||||\u00a0\u00bb header_4_font=\u00a0\u00bb||||||||\u00a0\u00bb max_width_tablet=\u00a0\u00bb700px\u00a0\u00bb max_width_phone=\u00a0\u00bb700px\u00a0\u00bb max_width_last_edited=\u00a0\u00bboff|desktop\u00a0\u00bb custom_margin=\u00a0\u00bb||-1px|||\u00a0\u00bb custom_margin_tablet=\u00a0\u00bb|0px||\u00a0\u00bb custom_margin_phone=\u00a0\u00bb|0px||\u00a0\u00bb custom_margin_last_edited=\u00a0\u00bboff|desktop\u00a0\u00bb custom_padding=\u00a0\u00bb20px|||\u00a0\u00bb header_2_font_size_tablet=\u00a0\u00bb30px\u00a0\u00bb header_2_font_size_phone=\u00a0\u00bb20px\u00a0\u00bb header_2_font_size_last_edited=\u00a0\u00bbon|phone\u00a0\u00bb border_color_all=\u00a0\u00bb#E02B20&Prime; border_width_top=\u00a0\u00bb2px\u00a0\u00bb locked=\u00a0\u00bboff\u00a0\u00bb global_colors_info=\u00a0\u00bb{}\u00a0\u00bb]<\/p>\n<h2>Travaux et presse<\/h2>\n<p>[\/et_pb_text][et_pb_text _builder_version=\u00a0\u00bb4.17.4&Prime; _module_preset=\u00a0\u00bbdefault\u00a0\u00bb text_font=\u00a0\u00bb||||||||\u00a0\u00bb text_font_size=\u00a0\u00bb16px\u00a0\u00bb text_line_height=\u00a0\u00bb2em\u00a0\u00bb header_font=\u00a0\u00bb||||||||\u00a0\u00bb header_2_font=\u00a0\u00bbMontserrat|800|||||||\u00a0\u00bb header_2_font_size=\u00a0\u00bb30px\u00a0\u00bb header_2_line_height=\u00a0\u00bb1.5em\u00a0\u00bb header_3_font=\u00a0\u00bb||||||||\u00a0\u00bb header_4_font=\u00a0\u00bb||||||||\u00a0\u00bb max_width_tablet=\u00a0\u00bb700px\u00a0\u00bb max_width_phone=\u00a0\u00bb700px\u00a0\u00bb max_width_last_edited=\u00a0\u00bboff|desktop\u00a0\u00bb min_height=\u00a0\u00bb165px\u00a0\u00bb custom_margin=\u00a0\u00bb||1px|||\u00a0\u00bb custom_margin_tablet=\u00a0\u00bb|0px||\u00a0\u00bb custom_margin_phone=\u00a0\u00bb|0px||\u00a0\u00bb custom_margin_last_edited=\u00a0\u00bboff|desktop\u00a0\u00bb custom_padding=\u00a0\u00bb20px|||\u00a0\u00bb header_2_font_size_tablet=\u00a0\u00bb30px\u00a0\u00bb header_2_font_size_phone=\u00a0\u00bb20px\u00a0\u00bb header_2_font_size_last_edited=\u00a0\u00bbon|phone\u00a0\u00bb locked=\u00a0\u00bboff\u00a0\u00bb global_colors_info=\u00a0\u00bb{}\u00a0\u00bb]<\/p>\n<p class=\"unnamed2\" align=\"justify\"><strong>\u00c9dits, avis, affiches et d\u00e9pliants<\/strong><br \/>70 000 documents imprim\u00e9s comprenant des avis, proclamations, \u00e9dits, notifications des \u00c9tats italiens d&rsquo;avant l&rsquo;unification de la fin du XVIIIe si\u00e8cle jusqu&rsquo;\u00e0 l&rsquo;Unification, principalement de la p\u00e9riode du Risorgimento. Le mat\u00e9riel est divis\u00e9 par \u00e9tat et class\u00e9 chronologiquement.<\/p>\n<p align=\"justify\">\n<p class=\"unnamed2\" align=\"justify\"><strong>Volumes et brochures<\/strong><\/p>\n<p class=\"unnamed2\" align=\"justify\">Environ 600 000 volumes et brochures. Le noyau le plus ancien provient de la \u00ab Section Risorgimento \u00bb de la Biblioth\u00e8que nationale Vittorio Emanuele II de Rome. (cfr. <cite>Archives des biblioth\u00e8ques. Pour l&rsquo;histoire des biblioth\u00e8ques publiques d&rsquo;\u00c9tat<\/cite>, Rome, Edizioni di storia e litt\u00e9rature, 2002, pp. 219-230)<\/p>\n<p align=\"justify\">\n<p class=\"unnamed2\" align=\"justify\"><strong>Collections sp\u00e9ciales<\/strong><\/p>\n<p class=\"unnamed2\" align=\"justify\">200 \u00e9ditions des XVIe-XVIIe si\u00e8cles, 3500 \u00e9ditions du XVIIIe si\u00e8cle, 2500 \u00e9ditions de la p\u00e9riode 1789-1799 (cfr.: <cite>Une nation \u00e0 r\u00e9g\u00e9n\u00e9rer. Catalogue des \u00e9ditions italiennes 1789-1799<\/cite>, \u00e9dit\u00e9 par Valeria Cremona, Rosanna De Longis, Lauro Rossi, Naples, Vivarium, 1994), 56 000 \u00e9ditions du XIXe si\u00e8cle, 300 \u00e9ditions de Capolago, 2000 publications de la p\u00e9riode napol\u00e9onienne 1801-1815, environ 3000 documents et brochures de l&rsquo;\u00e9poque pr\u00e9- P\u00e9riode du Risorgimento (voir Angelica Zucconi, <a href=\"http:\/\/bsmc.it\/images\/pdf\/patrimonio\/1830-1831.pdf\"><cite>L\u2019alba del Risorgimento. 1830-31 \u00e0 la Biblioth\u00e8que d&rsquo;Histoire Moderne et Contemporaine<\/cite><\/a>, \u00e1 \u00ab\u00a0Accademie e biblioteche d\u2019Italia\u00a0\u00bb, n. 1-4\/2011, pp. 39-44), plus de 5000 documents sur la R\u00e9publique romaine de 1849 (cfr. Paola Gioia, <a href=\"http:\/\/bsmc.it\/images\/pdf\/patrimonio\/repubblicaromana.it.pdf\"><cite>Il Risorgimento online. La banca dati www.repubblicaromana.it<\/cite><\/a>, \u00e1 \u00ab\u00a0Accademie e biblioteche d\u2019Italia\u00a0\u00bb, n. 1-4\/2011, pp. 62-66), 250 publications relatives \u00e0 la franc-ma\u00e7onnerie, 830 pamphlets anarchistes, environ 10 000 documents imprim\u00e9s relatifs \u00e0 la Premi\u00e8re Guerre mondiale, publi\u00e9s par diverses organisations, principalement des autorit\u00e9s locales, dans les ann\u00e9es 1915-1918, destin\u00e9s \u00e0 la propagande et aux abonnements de guerre. La collection contient des affiches, des affiches, des calendriers, des n\u00e9crologies et des panneaux d&rsquo;affichage (voir : Paola Gioia, <a href=\"http:\/\/bsmc.it\/images\/pdf\/patrimonio\/gioia_digitalia_2007.pdf\"><cite>Progetto immagini della Grande Guerra<\/cite><\/a> \u00e1 \u201cDigitalia\u201d, n. 2, 2007, pp. 107-109; Paola Gioia, Marco Pizzo, Adriano Santiemma <a href=\"http:\/\/bsmc.it\/images\/pdf\/patrimonio\/gioia_pizzo_2012.pdf\"><cite>Ricordando la Prima Guerra mondiale<\/cite><\/a> \u00e1 \u201cDigitalia\u201d, n. 1, 2012, pp. 67-81; Simonetta Butt\u00f2, <a href=\"http:\/\/bsmc.it\/images\/pdf\/patrimonio\/propaganda_butto.pdf\"><cite>Propagande et mobilisation civile dans les collections de la Biblioth\u00e8que d&rsquo;Histoire Moderne et Contemporaine<\/cite><\/a> \u00e1 \u201cLa Prima guerra mondiale 1914-1918, materiali e fonti, Roma, Gangemi, 2014, pp. 44-49; Oriana Rizzuto, <a href=\"http:\/\/bsmc.it\/images\/pdf\/patrimonio\/rizzuto_guerra_web.pdf\"><cite>Mondiale\/globale: la Grande Guerra nel web<\/cite><\/a> \u00e1 \u00ab\u00a0Accademie e biblioteche d\u2019Italia\u00a0\u00bb, n. 3-4\/2014, pp. 23-28); Partitions musicales 470 documents (cfr.: <a href=\"http:\/\/bsmc.it\/index.php\/2015-10-26-10-43-33\/cataloghi-di-fondi\"><cite>Partitions musicales du Risorgimento \u00e0 la Premi\u00e8re Guerre mondiale :1846-1919<\/cite><\/a>, Rome, Fratelli Palombi, 1978; Gisella Bochicchio, <a href=\"http:\/\/bsmc.it\/images\/pdf\/patrimonio\/bochicchio_verdi.pdf\"><cite>Au bicentenaire de Verdi<\/cite><\/a> \u00e1 \u00ab\u00a0Accademie e biblioteche d\u2019Italia\u00a0\u00bb, n. 3-4\/2013, pp. 116-117; Oriana Rizzuto, <a href=\"http:\/\/bsmc.it\/images\/pdf\/patrimonio\/rizzuto_cantare_patria.pdf\"><cite>Chanter la patrie : la collection de partitions musicales de la Biblioth\u00e8que d&rsquo;histoire moderne et contemporaine<\/cite><\/a>, \u00e1 \u00ab\u00a0Accademie e biblioteche d\u2019Italia\u00a0\u00bb, n. 3-4\/2013, pp. 31-39)<\/p>\n<p>[\/et_pb_text][et_pb_text _builder_version=\u00a0\u00bb4.17.4&Prime; _module_preset=\u00a0\u00bbdefault\u00a0\u00bb text_font=\u00a0\u00bb||||||||\u00a0\u00bb text_font_size=\u00a0\u00bb16px\u00a0\u00bb text_line_height=\u00a0\u00bb2em\u00a0\u00bb header_font=\u00a0\u00bb||||||||\u00a0\u00bb header_2_font=\u00a0\u00bbMontserrat|800|||||||\u00a0\u00bb header_2_font_size=\u00a0\u00bb30px\u00a0\u00bb header_2_line_height=\u00a0\u00bb1.5em\u00a0\u00bb header_3_font=\u00a0\u00bb||||||||\u00a0\u00bb header_4_font=\u00a0\u00bb||||||||\u00a0\u00bb max_width_tablet=\u00a0\u00bb700px\u00a0\u00bb max_width_phone=\u00a0\u00bb700px\u00a0\u00bb max_width_last_edited=\u00a0\u00bboff|desktop\u00a0\u00bb min_height=\u00a0\u00bb165px\u00a0\u00bb custom_margin=\u00a0\u00bb||-1px|||\u00a0\u00bb custom_margin_tablet=\u00a0\u00bb|0px||\u00a0\u00bb custom_margin_phone=\u00a0\u00bb|0px||\u00a0\u00bb custom_margin_last_edited=\u00a0\u00bboff|desktop\u00a0\u00bb custom_padding=\u00a0\u00bb20px|||\u00a0\u00bb header_2_font_size_tablet=\u00a0\u00bb30px\u00a0\u00bb header_2_font_size_phone=\u00a0\u00bb20px\u00a0\u00bb header_2_font_size_last_edited=\u00a0\u00bbon|phone\u00a0\u00bb locked=\u00a0\u00bboff\u00a0\u00bb global_colors_info=\u00a0\u00bb{}\u00a0\u00bb]<\/p>\n<p class=\"unnamed2\" align=\"justify\"><strong>Fondi <\/strong><\/p>\n<p class=\"unnamed2\" align=\"justify\">\n<ul>\n<li><a href=\"http:\/\/bsmc.it\/images\/pdf\/patrimonio\/fondo_ajello.pdf\">Nello Ajello<\/a> 2571 documents: don des h\u00e9ritiers du journaliste et essayiste<\/li>\n<li><a href=\"http:\/\/bsmc.it\/images\/pdf\/patrimonio\/fondo_cafagna.pdf\">Luciano Cafagna<\/a> 3189 documents: don des h\u00e9ritiers de l&rsquo;historien<\/li>\n<li><a href=\"http:\/\/bsmc.it\/images\/pdf\/bsmc\/edizioni_nazionali.pdf\">Edizioni nazionali<\/a>: Collection compl\u00e8te des \u00e9ditions nationales d&rsquo;auteurs italiens, publi\u00e9e \u00e0 l&rsquo;initiative de l&rsquo;\u00c9tat<\/li>\n<li><a href=\"http:\/\/bsmc.it\/images\/pdf\/patrimonio\/Fondo ferretti.PDF\">Ferretti<\/a> 181 documents : don de l&rsquo;historienne Maria Ferretti<\/li>\n<li><a href=\"http:\/\/bsmc.it\/images\/pdf\/patrimonio\/Fondo Graziosi.PDF\">Graziosi<\/a> Documents de 1531: don de l&rsquo;historien Andrea Graziosi<\/li>\n<li><a href=\"http:\/\/bsmc.it\/images\/pdf\/patrimonio\/Fondo lavaggi.PDF\">Lavaggi<\/a> 827 documents: don des h\u00e9ritiers de l&rsquo;avocat Gabriele Lavaggi<\/li>\n<li><a href=\"http:\/\/bsmc.it\/images\/pdf\/patrimonio\/Fondo lecco.PDF\">Lecco<\/a> Documents de 1548: don de la biblioth\u00e9caire Elisabetta Lecco<\/li>\n<li><a href=\"http:\/\/bsmc.it\/images\/pdf\/patrimonio\/Fondo Lucchesi.PDF\">Lucchesi<\/a> 879 documents: don des h\u00e9ritiers du professeur Sergio Lucchesi<\/li>\n<li><a href=\"http:\/\/bsmc.it\/images\/pdf\/patrimonio\/fondo melograni.PDF\">Grenades<\/a> 546 documents: don de l&rsquo;historien Piero Melograni<\/li>\n<li><a href=\"http:\/\/bsmc.it\/images\/pdf\/patrimonio\/Fondo Milano.PDF\">Milano<\/a> 1261 documents: don des h\u00e9ritiers du savant Roberto Milano<\/li>\n<li><a href=\"http:\/\/bsmc.it\/images\/pdf\/patrimonio\/Fondo nelson gay.PDF\">Nelson Gay<\/a> 1 500 documents: don du Center for American Studies<\/li>\n<li><span class=\"unnamed2\">Pennati<\/span> environ 1000 monographies et 65 p\u00e9riodiques (cfr. <a href=\"http:\/\/bsmc.it\/images\/pdf\/patrimonio\/Fondo Pennati.pdf\"><cite>Introduction aux p\u00e9riodiques italiens 1943-1950 dans les collections de la Biblioth\u00e8que d&rsquo;histoire moderne et contemporaine<\/cite><\/a>, \u00e9dit\u00e9 par Eugenio Semboloni et Susanna Spezia ; pr\u00e9face d&rsquo;Alberto Petrucciani, Rome, Biblink, 2015, pp. 13-25)<\/li>\n<li><a href=\"http:\/\/bsmc.it\/images\/pdf\/patrimonio\/fondo pezzella.PDF\">Pezzella<\/a> 1 630 documents: Christianisme et histoire des religions, don des h\u00e9ritiers de l&rsquo;historien Sosio Pezzella<\/li>\n<li><a href=\"http:\/\/bsmc.it\/images\/pdf\/patrimonio\/fondo rossi.pdf\">Rossi<\/a> 2 120 documents: histoire du sport, don du biblioth\u00e9caire et \u00e9rudit de Lauro Rossi (lien vers rossi.pdf).<\/li>\n<li><a href=\"http:\/\/www.bsmc.it\/pdf\/fm.pdf\">Malta<\/a> environ 1000 \u00e9ditions du XVIe au XXe si\u00e8cle, provenant de la D\u00e9putation de l&rsquo;Histoire de la Patrie de Malte<\/li>\n<li><span class=\"unnamed2\">Santarelli<\/span>: 12 650 brochures et num\u00e9ros uniques d&rsquo;histoire contemporaine, provenant de la collection de l&rsquo;historien Enzo Santarelli (cfr.: <a href=\"http:\/\/bsmc.it\/images\/pdf\/patrimonio\/scaccia_santarelli_accademie_biblioteche.pdf\"><cite>Alessandra Scaccia, Lecture et interpr\u00e9tation : sources et \u00e9criture de l&rsquo;histoire dans le Fonds Santarelli de la Biblioth\u00e8que d&rsquo;Histoire Moderne et Contemporaine<\/cite><\/a>, \u00e1 \u00ab\u00a0Accademie e biblioteche d\u2019Italia\u00a0\u00bb, n. 1-2\/2013, pp. 22-29 )<\/li>\n<li><a href=\"http:\/\/bsmc.it\/images\/pdf\/patrimonio\/Fondo Vighy.PDF\">Vighy<\/a> 631 volumes: don des h\u00e9ritiers de l&rsquo;\u00e9crivain et biblioth\u00e9caire Cesarina Vighy<\/li>\n<li><a href=\"http:\/\/bsmc.it\/images\/pdf\/patrimonio\/fondo vinciguerra.PDF\">Vinciguerra<\/a> 3 250 ouvrages d&rsquo;histoire, de litt\u00e9rature et de philosophie, offerts par Mario Vinciguerra<\/li>\n<\/ul>\n<p>[\/et_pb_text][et_pb_text _builder_version=\u00a0\u00bb4.17.4&Prime; _module_preset=\u00a0\u00bbdefault\u00a0\u00bb text_font=\u00a0\u00bb||||||||\u00a0\u00bb text_font_size=\u00a0\u00bb16px\u00a0\u00bb text_line_height=\u00a0\u00bb2em\u00a0\u00bb header_font=\u00a0\u00bb||||||||\u00a0\u00bb header_2_font=\u00a0\u00bbMontserrat|800|||||||\u00a0\u00bb header_2_font_size=\u00a0\u00bb30px\u00a0\u00bb header_2_line_height=\u00a0\u00bb1.5em\u00a0\u00bb header_3_font=\u00a0\u00bb||||||||\u00a0\u00bb header_4_font=\u00a0\u00bb||||||||\u00a0\u00bb max_width_tablet=\u00a0\u00bb700px\u00a0\u00bb max_width_phone=\u00a0\u00bb700px\u00a0\u00bb max_width_last_edited=\u00a0\u00bboff|desktop\u00a0\u00bb min_height=\u00a0\u00bb165px\u00a0\u00bb custom_margin=\u00a0\u00bb|||\u00a0\u00bb custom_margin_tablet=\u00a0\u00bb|0px||\u00a0\u00bb custom_margin_phone=\u00a0\u00bb|0px||\u00a0\u00bb custom_margin_last_edited=\u00a0\u00bboff|desktop\u00a0\u00bb custom_padding=\u00a0\u00bb20px|||\u00a0\u00bb header_2_font_size_tablet=\u00a0\u00bb30px\u00a0\u00bb header_2_font_size_phone=\u00a0\u00bb20px\u00a0\u00bb header_2_font_size_last_edited=\u00a0\u00bbon|phone\u00a0\u00bb locked=\u00a0\u00bboff\u00a0\u00bb global_colors_info=\u00a0\u00bb{}\u00a0\u00bb]<\/p>\n<p class=\"unnamed2\" align=\"justify\"><strong>Periodici<\/strong><\/p>\n<p class=\"unnamed2\" align=\"justify\">Environ 12 000 journaux, dont 3 500 \u00e0 jour &#8211; sous format papier ou \u00e9lectronique sur bases de donn\u00e9es <a href=\"https:\/\/www.jstor.org\/\">Jstor<\/a>, <a href=\"https:\/\/muse.jhu.edu\/\">Project muse<\/a> e <a href=\"https:\/\/www.ebsco.com\/products\/research-databases\/historical-abstracts\">Historical abstracts<\/a>, vers 2000 des XVIIIe-XIXe si\u00e8cles (cfr. <cite>P\u00e9riodiques des XVIIIe et XIXe si\u00e8cles<\/cite>, \u00e9dit\u00e9 par Adriana Martinoli, Rome, Biblioth\u00e8que d&rsquo;histoire moderne et contemporaine, 1989), 3000 journaux et p\u00e9riodiques italiens et \u00e9trangers de la Premi\u00e8re Guerre mondiale. (voir Eugenio Semboloni, <a href=\"http:\/\/bsmc.it\/images\/pdf\/patrimonio\/semboloni_900_periodico.pdf\"><cite>\u00ab\u00a0Novecento periodico\u00a0\u00bb: la societ\u00e0 italiana nello specchio della stampascaccia_santarelli_accademie_biblioteche.pdf<\/cite><\/a>, \u00e1 \u00ab\u00a0Accademie e biblioteche d\u2019Italia\u00a0\u00bb, n. 3-4\/2010, pp. 102-104)<\/p>\n<p>[\/et_pb_text][et_pb_text _builder_version=\u00a0\u00bb4.17.4&Prime; _module_preset=\u00a0\u00bbdefault\u00a0\u00bb text_font=\u00a0\u00bb||||||||\u00a0\u00bb text_font_size=\u00a0\u00bb16px\u00a0\u00bb text_line_height=\u00a0\u00bb2em\u00a0\u00bb header_font=\u00a0\u00bb||||||||\u00a0\u00bb header_2_font=\u00a0\u00bbMontserrat|800|||||||\u00a0\u00bb header_2_font_size=\u00a0\u00bb30px\u00a0\u00bb header_2_line_height=\u00a0\u00bb1.5em\u00a0\u00bb header_3_font=\u00a0\u00bb||||||||\u00a0\u00bb header_4_font=\u00a0\u00bb||||||||\u00a0\u00bb max_width_tablet=\u00a0\u00bb700px\u00a0\u00bb max_width_phone=\u00a0\u00bb700px\u00a0\u00bb max_width_last_edited=\u00a0\u00bboff|desktop\u00a0\u00bb custom_margin=\u00a0\u00bb||||false|false\u00a0\u00bb custom_margin_tablet=\u00a0\u00bb|0px||\u00a0\u00bb custom_margin_phone=\u00a0\u00bb|0px||\u00a0\u00bb custom_margin_last_edited=\u00a0\u00bboff|desktop\u00a0\u00bb custom_padding=\u00a0\u00bb||||false|false\u00a0\u00bb header_2_font_size_tablet=\u00a0\u00bb30px\u00a0\u00bb header_2_font_size_phone=\u00a0\u00bb20px\u00a0\u00bb header_2_font_size_last_edited=\u00a0\u00bbon|phone\u00a0\u00bb locked=\u00a0\u00bboff\u00a0\u00bb global_colors_info=\u00a0\u00bb{}\u00a0\u00bb]<\/p>\n<p class=\"unnamed2\" align=\"justify\"><strong>Materiale iconografico<\/strong><\/p>\n<p class=\"unnamed2\" align=\"justify\">La plupart du mat\u00e9riel iconographique a \u00e9t\u00e9 num\u00e9ris\u00e9 et peut \u00eatre consult\u00e9 sur <a href=\"http:\/\/digiteca.bsmc.it\">Digiteca<\/a>.<\/p>\n<p>[\/et_pb_text][et_pb_text _builder_version=\u00a0\u00bb4.17.4&Prime; _module_preset=\u00a0\u00bbdefault\u00a0\u00bb text_font=\u00a0\u00bb||||||||\u00a0\u00bb text_font_size=\u00a0\u00bb16px\u00a0\u00bb text_line_height=\u00a0\u00bb2em\u00a0\u00bb header_font=\u00a0\u00bb||||||||\u00a0\u00bb header_2_font=\u00a0\u00bbMontserrat|800|||||||\u00a0\u00bb header_2_font_size=\u00a0\u00bb30px\u00a0\u00bb header_2_line_height=\u00a0\u00bb1.5em\u00a0\u00bb header_3_font=\u00a0\u00bb||||||||\u00a0\u00bb header_4_font=\u00a0\u00bb||||||||\u00a0\u00bb max_width_tablet=\u00a0\u00bb700px\u00a0\u00bb max_width_phone=\u00a0\u00bb700px\u00a0\u00bb max_width_last_edited=\u00a0\u00bboff|desktop\u00a0\u00bb min_height=\u00a0\u00bb165px\u00a0\u00bb custom_margin=\u00a0\u00bb|||\u00a0\u00bb custom_margin_tablet=\u00a0\u00bb|0px||\u00a0\u00bb custom_margin_phone=\u00a0\u00bb|0px||\u00a0\u00bb custom_margin_last_edited=\u00a0\u00bboff|desktop\u00a0\u00bb custom_padding=\u00a0\u00bb1px|||||\u00a0\u00bb header_2_font_size_tablet=\u00a0\u00bb30px\u00a0\u00bb header_2_font_size_phone=\u00a0\u00bb20px\u00a0\u00bb header_2_font_size_last_edited=\u00a0\u00bbon|phone\u00a0\u00bb locked=\u00a0\u00bboff\u00a0\u00bb global_colors_info=\u00a0\u00bb{}\u00a0\u00bb]<\/p>\n<p class=\"unnamed2\" align=\"justify\"><strong>Manifesti<\/strong><\/p>\n<p class=\"unnamed2\" align=\"justify\">environ 200 affiches illustr\u00e9es de la Grande Guerre, li\u00e9es pour la plupart \u00e0 la souscription des six emprunts nationaux de guerre lanc\u00e9s dans les ann\u00e9es 1915-1919, ainsi qu&rsquo;\u00e0 certains comit\u00e9s de la Croix-Rouge et d&rsquo;assistance. (cfr. <a href=\"http:\/\/bsmc.it\/images\/pdf\/bsmc\/manifesti_grande_guerra_introduzione.pdf\"><cite>Affiches illustr\u00e9es de la Grande Guerre<\/cite><\/a>, \u00e9dit\u00e9 par Marzia Miele et Cesarina Vighy, Rome, Fratelli Palombi, 1997) ; environ 9 000 affiches des ann\u00e9es 1945-2012 qui documentent les activit\u00e9s des partis, des syndicats et d&rsquo;autres r\u00e9alit\u00e9s politiques, r\u00e9cr\u00e9atives, sociales et religieuses (voir Oriana Rizzuto, <a href=\"http:\/\/bsmc.it\/images\/pdf\/patrimonio\/Rizzuto.pdf\"><cite>L&rsquo;Italie r\u00e9publicaine en affiches. La collection d&rsquo;histoire moderne et contemporaine de la biblioth\u00e8que<\/cite>,<\/a> \u00e1 \u00ab\u00a0Accademie e biblioteche d\u2019Italia\u00a0\u00bb, n. 3-4\/2016, pp. 28-33<\/p>\n<p>[\/et_pb_text][et_pb_text _builder_version=\u00a0\u00bb4.17.4&Prime; _module_preset=\u00a0\u00bbdefault\u00a0\u00bb text_font=\u00a0\u00bb||||||||\u00a0\u00bb text_font_size=\u00a0\u00bb16px\u00a0\u00bb text_line_height=\u00a0\u00bb2em\u00a0\u00bb header_font=\u00a0\u00bb||||||||\u00a0\u00bb header_2_font=\u00a0\u00bbMontserrat|800|||||||\u00a0\u00bb header_2_font_size=\u00a0\u00bb30px\u00a0\u00bb header_2_line_height=\u00a0\u00bb1.5em\u00a0\u00bb header_3_font=\u00a0\u00bb||||||||\u00a0\u00bb header_4_font=\u00a0\u00bb||||||||\u00a0\u00bb max_width_tablet=\u00a0\u00bb700px\u00a0\u00bb max_width_phone=\u00a0\u00bb700px\u00a0\u00bb max_width_last_edited=\u00a0\u00bboff|desktop\u00a0\u00bb custom_margin=\u00a0\u00bb|||\u00a0\u00bb custom_margin_tablet=\u00a0\u00bb|0px||\u00a0\u00bb custom_margin_phone=\u00a0\u00bb|0px||\u00a0\u00bb custom_margin_last_edited=\u00a0\u00bboff|desktop\u00a0\u00bb custom_padding=\u00a0\u00bb||||false|false\u00a0\u00bb header_2_font_size_tablet=\u00a0\u00bb30px\u00a0\u00bb header_2_font_size_phone=\u00a0\u00bb20px\u00a0\u00bb header_2_font_size_last_edited=\u00a0\u00bbon|phone\u00a0\u00bb locked=\u00a0\u00bboff\u00a0\u00bb global_colors_info=\u00a0\u00bb{}\u00a0\u00bb]<\/p>\n<p class=\"unnamed2\" align=\"justify\"><strong>Estampes et gravures<\/strong><\/p>\n<p class=\"unnamed2\" align=\"justify\">environ 2000 tirages de sujets principalement du Risorgimento, certains de nature satirique, rassembl\u00e9s dans des albums, des s\u00e9ries, des volumes reli\u00e9s ou des feuilles volantes.<\/p>\n<p>[\/et_pb_text][et_pb_text _builder_version=\u00a0\u00bb4.17.4&Prime; _module_preset=\u00a0\u00bbdefault\u00a0\u00bb text_font=\u00a0\u00bb||||||||\u00a0\u00bb text_font_size=\u00a0\u00bb16px\u00a0\u00bb text_line_height=\u00a0\u00bb2em\u00a0\u00bb header_font=\u00a0\u00bb||||||||\u00a0\u00bb header_2_font=\u00a0\u00bbMontserrat|800|||||||\u00a0\u00bb header_2_font_size=\u00a0\u00bb30px\u00a0\u00bb header_2_line_height=\u00a0\u00bb1.5em\u00a0\u00bb header_3_font=\u00a0\u00bb||||||||\u00a0\u00bb header_4_font=\u00a0\u00bb||||||||\u00a0\u00bb max_width_tablet=\u00a0\u00bb700px\u00a0\u00bb max_width_phone=\u00a0\u00bb700px\u00a0\u00bb max_width_last_edited=\u00a0\u00bboff|desktop\u00a0\u00bb custom_margin=\u00a0\u00bb|||\u00a0\u00bb custom_margin_tablet=\u00a0\u00bb|0px||\u00a0\u00bb custom_margin_phone=\u00a0\u00bb|0px||\u00a0\u00bb custom_margin_last_edited=\u00a0\u00bboff|desktop\u00a0\u00bb custom_padding=\u00a0\u00bb||||false|false\u00a0\u00bb header_2_font_size_tablet=\u00a0\u00bb30px\u00a0\u00bb header_2_font_size_phone=\u00a0\u00bb20px\u00a0\u00bb header_2_font_size_last_edited=\u00a0\u00bbon|phone\u00a0\u00bb locked=\u00a0\u00bboff\u00a0\u00bb global_colors_info=\u00a0\u00bb{}\u00a0\u00bb]<\/p>\n<p class=\"unnamed2\" align=\"justify\"><strong>Cartes postales<\/strong><\/p>\n<p class=\"unnamed2\" align=\"justify\">environ 200 cartes postales illustr\u00e9es li\u00e9es \u00e0 des th\u00e8mes historiques, comme les cartes postales de l&rsquo;album d\u00e9di\u00e9 \u00e0 G. Garibaldi \u00e0 l&rsquo;occasion du centenaire de sa naissance, la s\u00e9rie \u00ab\u00a0Danse de la mort\u00a0\u00bb de A. Martini, les 150 cartes postales de la Premi\u00e8re Guerre mondiale.<\/p>\n<p>[\/et_pb_text][et_pb_text _builder_version=\u00a0\u00bb4.17.4&Prime; _module_preset=\u00a0\u00bbdefault\u00a0\u00bb text_font=\u00a0\u00bb||||||||\u00a0\u00bb text_font_size=\u00a0\u00bb16px\u00a0\u00bb text_line_height=\u00a0\u00bb2em\u00a0\u00bb header_font=\u00a0\u00bb||||||||\u00a0\u00bb header_2_font=\u00a0\u00bbMontserrat|800|||||||\u00a0\u00bb header_2_font_size=\u00a0\u00bb30px\u00a0\u00bb header_2_line_height=\u00a0\u00bb1.5em\u00a0\u00bb header_3_font=\u00a0\u00bb||||||||\u00a0\u00bb header_4_font=\u00a0\u00bb||||||||\u00a0\u00bb max_width_tablet=\u00a0\u00bb700px\u00a0\u00bb max_width_phone=\u00a0\u00bb700px\u00a0\u00bb max_width_last_edited=\u00a0\u00bboff|desktop\u00a0\u00bb custom_margin=\u00a0\u00bb|||\u00a0\u00bb custom_margin_tablet=\u00a0\u00bb|0px||\u00a0\u00bb custom_margin_phone=\u00a0\u00bb|0px||\u00a0\u00bb custom_margin_last_edited=\u00a0\u00bboff|desktop\u00a0\u00bb custom_padding=\u00a0\u00bb||||false|false\u00a0\u00bb header_2_font_size_tablet=\u00a0\u00bb30px\u00a0\u00bb header_2_font_size_phone=\u00a0\u00bb20px\u00a0\u00bb header_2_font_size_last_edited=\u00a0\u00bbon|phone\u00a0\u00bb locked=\u00a0\u00bboff\u00a0\u00bb global_colors_info=\u00a0\u00bb{}\u00a0\u00bb]<\/p>\n<p class=\"unnamed2\" align=\"justify\"><strong>Photographies<\/strong><\/p>\n<p class=\"unnamed2\" align=\"justify\">Environ 8000 photos. Les collections les plus significatives sont: 41 cartes sal\u00e9es de S. Lecchi (cfr. <cite>Stefano Lecchi. Un photographe et la R\u00e9publique romaine de 1849<\/cite>, \u00e9dit\u00e9 par Maria Pia Critelli, Rome, Retablo, 2001), 60 albums d&rsquo;aquarelles de la fin du XIXe si\u00e8cle, environ 1700 photographies d\u00e9tach\u00e9es de la Premi\u00e8re Guerre mondiale, et 300 photos en albums, 700 photos de la Somalie italienne, 150 de la colonie italienne d&rsquo;\u00c9rythr\u00e9e.<\/p>\n<p>[\/et_pb_text][et_pb_text _builder_version=\u00a0\u00bb4.17.4&Prime; _module_preset=\u00a0\u00bbdefault\u00a0\u00bb text_font=\u00a0\u00bb||||||||\u00a0\u00bb text_font_size=\u00a0\u00bb16px\u00a0\u00bb text_line_height=\u00a0\u00bb2em\u00a0\u00bb header_font=\u00a0\u00bb||||||||\u00a0\u00bb header_2_font=\u00a0\u00bbMontserrat|800|||||||\u00a0\u00bb header_2_font_size=\u00a0\u00bb30px\u00a0\u00bb header_2_line_height=\u00a0\u00bb1.5em\u00a0\u00bb header_3_font=\u00a0\u00bb||||||||\u00a0\u00bb header_4_font=\u00a0\u00bb||||||||\u00a0\u00bb max_width_tablet=\u00a0\u00bb700px\u00a0\u00bb max_width_phone=\u00a0\u00bb700px\u00a0\u00bb max_width_last_edited=\u00a0\u00bboff|desktop\u00a0\u00bb custom_margin=\u00a0\u00bb|||\u00a0\u00bb custom_margin_tablet=\u00a0\u00bb|0px||\u00a0\u00bb custom_margin_phone=\u00a0\u00bb|0px||\u00a0\u00bb custom_margin_last_edited=\u00a0\u00bboff|desktop\u00a0\u00bb custom_padding=\u00a0\u00bb||||false|false\u00a0\u00bb header_2_font_size_tablet=\u00a0\u00bb30px\u00a0\u00bb header_2_font_size_phone=\u00a0\u00bb20px\u00a0\u00bb header_2_font_size_last_edited=\u00a0\u00bbon|phone\u00a0\u00bb locked=\u00a0\u00bboff\u00a0\u00bb global_colors_info=\u00a0\u00bb{}\u00a0\u00bb]<\/p>\n<p class=\"unnamed2\" align=\"justify\"><strong>Cartes et plans<\/strong><\/p>\n<p class=\"unnamed2\" align=\"justify\">200 cartes g\u00e9ographiques et topographiques d&rsquo;int\u00e9r\u00eat historique, relatives notamment aux batailles des guerres d&rsquo;ind\u00e9pendance et de la Guerre mondiale 1915-1918.<\/p>\n<p>[\/et_pb_text][et_pb_text _builder_version=\u00a0\u00bb4.17.4&Prime; _module_preset=\u00a0\u00bbdefault\u00a0\u00bb text_font=\u00a0\u00bb||||||||\u00a0\u00bb text_font_size=\u00a0\u00bb16px\u00a0\u00bb text_line_height=\u00a0\u00bb2em\u00a0\u00bb header_font=\u00a0\u00bb||||||||\u00a0\u00bb header_2_font=\u00a0\u00bbMontserrat|800|||||||\u00a0\u00bb header_2_font_size=\u00a0\u00bb30px\u00a0\u00bb header_2_line_height=\u00a0\u00bb1.5em\u00a0\u00bb header_3_font=\u00a0\u00bb||||||||\u00a0\u00bb header_4_font=\u00a0\u00bb||||||||\u00a0\u00bb max_width_tablet=\u00a0\u00bb700px\u00a0\u00bb max_width_phone=\u00a0\u00bb700px\u00a0\u00bb max_width_last_edited=\u00a0\u00bboff|desktop\u00a0\u00bb custom_margin=\u00a0\u00bb|||\u00a0\u00bb custom_margin_tablet=\u00a0\u00bb|0px||\u00a0\u00bb custom_margin_phone=\u00a0\u00bb|0px||\u00a0\u00bb custom_margin_last_edited=\u00a0\u00bboff|desktop\u00a0\u00bb custom_padding=\u00a0\u00bb||||false|false\u00a0\u00bb header_2_font_size_tablet=\u00a0\u00bb30px\u00a0\u00bb header_2_font_size_phone=\u00a0\u00bb20px\u00a0\u00bb header_2_font_size_last_edited=\u00a0\u00bbon|phone\u00a0\u00bb locked=\u00a0\u00bboff\u00a0\u00bb global_colors_info=\u00a0\u00bb{}\u00a0\u00bb]<\/p>\n<p class=\"unnamed2\" align=\"justify\"><strong>Documents mat\u00e9riels<\/strong><\/p>\n<p class=\"unnamed2\" align=\"justify\">240 pi\u00e8ces comprenant des objets d&rsquo;art et des documents historiques relatifs \u00e0 des personnages des XVIIIe et XXe si\u00e8cles, don de l&rsquo;historien Francesco Margiotta Broglio (voir Alessandra Scaccia, <a href=\"http:\/\/bsmc.it\/images\/pdf\/patrimonio\/La curiosit\u00e0 narra la Storia.pdf\"><cite>La curiosit\u00e9 raconte l&rsquo;histoire<\/cite><\/a>, \u00e1 \u00ab\u00a0Accademie e biblioteche d\u2019Italia\u00a0\u00bb, n. 3-4\/2016, pp. 34-40)<\/p>\n<p>[\/et_pb_text][et_pb_text _builder_version=\u00a0\u00bb4.17.4&Prime; _module_preset=\u00a0\u00bbdefault\u00a0\u00bb text_font=\u00a0\u00bb||||||||\u00a0\u00bb text_font_size=\u00a0\u00bb16px\u00a0\u00bb text_line_height=\u00a0\u00bb2em\u00a0\u00bb header_font=\u00a0\u00bb||||||||\u00a0\u00bb header_2_font=\u00a0\u00bbMontserrat|800|||||||\u00a0\u00bb header_2_font_size=\u00a0\u00bb30px\u00a0\u00bb header_2_line_height=\u00a0\u00bb1.5em\u00a0\u00bb header_3_font=\u00a0\u00bb||||||||\u00a0\u00bb header_4_font=\u00a0\u00bb||||||||\u00a0\u00bb max_width_tablet=\u00a0\u00bb700px\u00a0\u00bb max_width_phone=\u00a0\u00bb700px\u00a0\u00bb max_width_last_edited=\u00a0\u00bboff|desktop\u00a0\u00bb custom_margin=\u00a0\u00bb|||\u00a0\u00bb custom_margin_tablet=\u00a0\u00bb|0px||\u00a0\u00bb custom_margin_phone=\u00a0\u00bb|0px||\u00a0\u00bb custom_margin_last_edited=\u00a0\u00bboff|desktop\u00a0\u00bb custom_padding=\u00a0\u00bb||||false|false\u00a0\u00bb header_2_font_size_tablet=\u00a0\u00bb30px\u00a0\u00bb header_2_font_size_phone=\u00a0\u00bb20px\u00a0\u00bb header_2_font_size_last_edited=\u00a0\u00bbon|phone\u00a0\u00bb locked=\u00a0\u00bboff\u00a0\u00bb global_colors_info=\u00a0\u00bb{}\u00a0\u00bb]<\/p>\n<p class=\"unnamed2\" align=\"justify\"><strong>Microfilm<\/strong><\/p>\n<p class=\"unnamed2\" align=\"justify\">Environ 6000 bobines de microfilms en 35 ou 16 mm, sur lesquelles sont reproduits des documents rares et pr\u00e9cieux et quelques ann\u00e9es de p\u00e9riodiques des XVIIIe et XIXe si\u00e8cles, des recueils d&rsquo;\u00e9dits et d&rsquo;annonces, des quotidiens et hebdomadaires.<\/p>\n<p>[\/et_pb_text][\/et_pb_column][\/et_pb_row][\/et_pb_section]<\/p>\n","protected":false},"excerpt":{"rendered":"<p>Patrimoine du livre Manuscrits, ouvrages et estampes, p\u00e9riodiques, photos, microfilms.Manuscrits 40 000 documentsTravaux et presse 650 000 travauxP\u00e9riodiques 12 000 ogivesManuscritsEnviron 40 000 pi\u00e8ces. Parmi les collections les plus importantes [&hellip;]<\/p>\n","protected":false},"author":2,"featured_media":0,"parent":0,"menu_order":0,"comment_status":"closed","ping_status":"closed","template":"","meta":{"_et_pb_use_builder":"on","_et_pb_old_content":"","_et_gb_content_width":"","footnotes":""},"class_list":["post-258446","page","type-page","status-publish","hentry"],"yoast_head":"<!-- This site is optimized with the Yoast SEO plugin v27.4 - https:\/\/yoast.com\/product\/yoast-seo-wordpress\/ -->\n<title>PATRIMOINE DU LIVRE - Biblioteca di Storia Moderna e Contemporanea<\/title>\n<meta name=\"robots\" content=\"index, follow, max-snippet:-1, max-image-preview:large, max-video-preview:-1\" \/>\n<link rel=\"canonical\" href=\"https:\/\/bsmc.cultura.gov.it\/fr\/patrimoine-du-livre\/\" \/>\n<meta property=\"og:locale\" content=\"fr_FR\" \/>\n<meta property=\"og:type\" content=\"article\" \/>\n<meta property=\"og:title\" content=\"PATRIMOINE DU LIVRE - Biblioteca di Storia Moderna e Contemporanea\" \/>\n<meta property=\"og:description\" content=\"Patrimoine du livre Manuscrits, ouvrages et estampes, p\u00e9riodiques, photos, microfilms.Manuscrits 40 000 documentsTravaux et presse 650 000 travauxP\u00e9riodiques 12 000 ogivesManuscritsEnviron 40 000 pi\u00e8ces. Parmi les collections les plus importantes [&hellip;]\" \/>\n<meta property=\"og:url\" content=\"https:\/\/bsmc.cultura.gov.it\/fr\/patrimoine-du-livre\/\" \/>\n<meta property=\"og:site_name\" content=\"Biblioteca di Storia Moderna e Contemporanea\" \/>\n<meta property=\"article:modified_time\" content=\"2024-12-03T14:49:17+00:00\" \/>\n<meta name=\"twitter:card\" content=\"summary_large_image\" \/>\n<meta name=\"twitter:label1\" content=\"Dur\u00e9e de lecture estim\u00e9e\" \/>\n\t<meta name=\"twitter:data1\" content=\"17 minutes\" \/>\n<script type=\"application\/ld+json\" class=\"yoast-schema-graph\">{\"@context\":\"https:\\\/\\\/schema.org\",\"@graph\":[{\"@type\":\"WebPage\",\"@id\":\"https:\\\/\\\/bsmc.cultura.gov.it\\\/fr\\\/patrimoine-du-livre\\\/\",\"url\":\"https:\\\/\\\/bsmc.cultura.gov.it\\\/fr\\\/patrimoine-du-livre\\\/\",\"name\":\"PATRIMOINE DU LIVRE - Biblioteca di Storia Moderna e Contemporanea\",\"isPartOf\":{\"@id\":\"https:\\\/\\\/bsmc.cultura.gov.it\\\/fr\\\/#website\"},\"datePublished\":\"2022-06-27T05:41:13+00:00\",\"dateModified\":\"2024-12-03T14:49:17+00:00\",\"breadcrumb\":{\"@id\":\"https:\\\/\\\/bsmc.cultura.gov.it\\\/fr\\\/patrimoine-du-livre\\\/#breadcrumb\"},\"inLanguage\":\"fr-FR\",\"potentialAction\":[{\"@type\":\"ReadAction\",\"target\":[\"https:\\\/\\\/bsmc.cultura.gov.it\\\/fr\\\/patrimoine-du-livre\\\/\"]}]},{\"@type\":\"BreadcrumbList\",\"@id\":\"https:\\\/\\\/bsmc.cultura.gov.it\\\/fr\\\/patrimoine-du-livre\\\/#breadcrumb\",\"itemListElement\":[{\"@type\":\"ListItem\",\"position\":1,\"name\":\"Home\",\"item\":\"https:\\\/\\\/bsmc.cultura.gov.it\\\/fr\\\/\"},{\"@type\":\"ListItem\",\"position\":2,\"name\":\"PATRIMOINE DU LIVRE\"}]},{\"@type\":\"WebSite\",\"@id\":\"https:\\\/\\\/bsmc.cultura.gov.it\\\/fr\\\/#website\",\"url\":\"https:\\\/\\\/bsmc.cultura.gov.it\\\/fr\\\/\",\"name\":\"Biblioteca di Storia Moderna e Contemporanea\",\"description\":\"DGBID\",\"potentialAction\":[{\"@type\":\"SearchAction\",\"target\":{\"@type\":\"EntryPoint\",\"urlTemplate\":\"https:\\\/\\\/bsmc.cultura.gov.it\\\/fr\\\/?s={search_term_string}\"},\"query-input\":{\"@type\":\"PropertyValueSpecification\",\"valueRequired\":true,\"valueName\":\"search_term_string\"}}],\"inLanguage\":\"fr-FR\"}]}<\/script>\n<!-- \/ Yoast SEO plugin. -->","yoast_head_json":{"title":"PATRIMOINE DU LIVRE - Biblioteca di Storia Moderna e Contemporanea","robots":{"index":"index","follow":"follow","max-snippet":"max-snippet:-1","max-image-preview":"max-image-preview:large","max-video-preview":"max-video-preview:-1"},"canonical":"https:\/\/bsmc.cultura.gov.it\/fr\/patrimoine-du-livre\/","og_locale":"fr_FR","og_type":"article","og_title":"PATRIMOINE DU LIVRE - Biblioteca di Storia Moderna e Contemporanea","og_description":"Patrimoine du livre Manuscrits, ouvrages et estampes, p\u00e9riodiques, photos, microfilms.Manuscrits 40 000 documentsTravaux et presse 650 000 travauxP\u00e9riodiques 12 000 ogivesManuscritsEnviron 40 000 pi\u00e8ces. Parmi les collections les plus importantes [&hellip;]","og_url":"https:\/\/bsmc.cultura.gov.it\/fr\/patrimoine-du-livre\/","og_site_name":"Biblioteca di Storia Moderna e Contemporanea","article_modified_time":"2024-12-03T14:49:17+00:00","twitter_card":"summary_large_image","twitter_misc":{"Dur\u00e9e de lecture estim\u00e9e":"17 minutes"},"schema":{"@context":"https:\/\/schema.org","@graph":[{"@type":"WebPage","@id":"https:\/\/bsmc.cultura.gov.it\/fr\/patrimoine-du-livre\/","url":"https:\/\/bsmc.cultura.gov.it\/fr\/patrimoine-du-livre\/","name":"PATRIMOINE DU LIVRE - Biblioteca di Storia Moderna e Contemporanea","isPartOf":{"@id":"https:\/\/bsmc.cultura.gov.it\/fr\/#website"},"datePublished":"2022-06-27T05:41:13+00:00","dateModified":"2024-12-03T14:49:17+00:00","breadcrumb":{"@id":"https:\/\/bsmc.cultura.gov.it\/fr\/patrimoine-du-livre\/#breadcrumb"},"inLanguage":"fr-FR","potentialAction":[{"@type":"ReadAction","target":["https:\/\/bsmc.cultura.gov.it\/fr\/patrimoine-du-livre\/"]}]},{"@type":"BreadcrumbList","@id":"https:\/\/bsmc.cultura.gov.it\/fr\/patrimoine-du-livre\/#breadcrumb","itemListElement":[{"@type":"ListItem","position":1,"name":"Home","item":"https:\/\/bsmc.cultura.gov.it\/fr\/"},{"@type":"ListItem","position":2,"name":"PATRIMOINE DU LIVRE"}]},{"@type":"WebSite","@id":"https:\/\/bsmc.cultura.gov.it\/fr\/#website","url":"https:\/\/bsmc.cultura.gov.it\/fr\/","name":"Biblioteca di Storia Moderna e Contemporanea","description":"DGBID","potentialAction":[{"@type":"SearchAction","target":{"@type":"EntryPoint","urlTemplate":"https:\/\/bsmc.cultura.gov.it\/fr\/?s={search_term_string}"},"query-input":{"@type":"PropertyValueSpecification","valueRequired":true,"valueName":"search_term_string"}}],"inLanguage":"fr-FR"}]}},"_links":{"self":[{"href":"https:\/\/bsmc.cultura.gov.it\/fr\/wp-json\/wp\/v2\/pages\/258446","targetHints":{"allow":["GET"]}}],"collection":[{"href":"https:\/\/bsmc.cultura.gov.it\/fr\/wp-json\/wp\/v2\/pages"}],"about":[{"href":"https:\/\/bsmc.cultura.gov.it\/fr\/wp-json\/wp\/v2\/types\/page"}],"author":[{"embeddable":true,"href":"https:\/\/bsmc.cultura.gov.it\/fr\/wp-json\/wp\/v2\/users\/2"}],"replies":[{"embeddable":true,"href":"https:\/\/bsmc.cultura.gov.it\/fr\/wp-json\/wp\/v2\/comments?post=258446"}],"version-history":[{"count":3,"href":"https:\/\/bsmc.cultura.gov.it\/fr\/wp-json\/wp\/v2\/pages\/258446\/revisions"}],"predecessor-version":[{"id":258562,"href":"https:\/\/bsmc.cultura.gov.it\/fr\/wp-json\/wp\/v2\/pages\/258446\/revisions\/258562"}],"wp:attachment":[{"href":"https:\/\/bsmc.cultura.gov.it\/fr\/wp-json\/wp\/v2\/media?parent=258446"}],"curies":[{"name":"wp","href":"https:\/\/api.w.org\/{rel}","templated":true}]}}